{"id":11463,"date":"2020-03-02T20:56:08","date_gmt":"2020-03-02T20:56:08","guid":{"rendered":"http:\/\/www.marocchallenge.eu\/noticias\/"},"modified":"2020-04-28T13:08:06","modified_gmt":"2020-04-28T13:08:06","slug":"nouvelles","status":"publish","type":"page","link":"https:\/\/www.marocchallenge.com\/fr\/nouvelles\/","title":{"rendered":"Nouvelles"},"content":{"rendered":"<div class=\"fusion-fullwidth fullwidth-box fusion-builder-row-1 hundred-percent-fullwidth non-hundred-percent-height-scrolling\" style=\"--awb-border-radius-top-left:0px;--awb-border-radius-top-right:0px;--awb-border-radius-bottom-right:0px;--awb-border-radius-bottom-left:0px;--awb-padding-top:2em;--awb-padding-right:2em;--awb-padding-bottom:2em;--awb-padding-left:2em;--awb-flex-wrap:wrap;\" ><div class=\"fusion-builder-row fusion-row\"><div class=\"fusion-layout-column fusion_builder_column fusion-builder-column-0 fusion_builder_column_1_1 1_1 fusion-one-full fusion-column-first fusion-column-last\" style=\"--awb-bg-size:cover;\"><div class=\"fusion-column-wrapper fusion-column-has-shadow fusion-flex-column-wrapper-legacy\"><div class=\"fusion-title title fusion-title-1 fusion-sep-none fusion-title-text fusion-title-size-one\" style=\"--awb-margin-top-small:0px;--awb-margin-right-small:0px;--awb-margin-bottom-small:30px;--awb-margin-left-small:0px;\"><h1 class=\"fusion-title-heading title-heading-left fusion-responsive-typography-calculated\" style=\"margin:0;--fontSize:38;line-height:1.4;\"><strong>News<\/strong><\/h1><\/div><div class=\"fusion-clearfix\"><\/div><\/div><\/div><div class=\"fusion-layout-column fusion_builder_column fusion-builder-column-1 fusion_builder_column_1_1 1_1 fusion-one-full fusion-column-first fusion-column-last content-page\" style=\"--awb-bg-size:cover;\"><div class=\"fusion-column-wrapper fusion-column-has-shadow fusion-flex-column-wrapper-legacy\"><div class=\"fusion-recent-posts fusion-recent-posts-1 avada-container layout-default layout-columns-3 fusion-recent-posts-infinite news recent-posts-maroc\" data-pages=\"14\"><section class=\"fusion-columns columns fusion-columns-3 columns-3\"><article class=\"post fusion-column column col col-lg-4 col-md-4 col-sm-4\"><div class=\"fusion-flexslider fusion-flexslider-loading flexslider flexslider-hover-type-none\"><ul class=\"slides\"><li><a href=\"https:\/\/www.marocchallenge.com\/fr\/retour-a-dades-et-une-etape-en-boucle-a-zagora-nouveautes-de-la-winter-2026\/\" aria-label=\"RETOUR \u00c0 DADES ET UNE \u00c9TAPE EN BOUCLE \u00c0 ZAGORA, NOUVEAUT\u00c9S DE LA WINTER 2026\" class=\"hover-type-none\"><img decoding=\"async\" width=\"700\" height=\"441\" src=\"https:\/\/www.marocchallenge.com\/wp-content\/uploads\/2026\/04\/MarocChallenge-13-04-700x441.png\" class=\"attachment-recent-posts size-recent-posts\" alt=\"\" srcset=\"https:\/\/www.marocchallenge.com\/wp-content\/uploads\/2026\/04\/MarocChallenge-13-04-320x202.png 320w, https:\/\/www.marocchallenge.com\/wp-content\/uploads\/2026\/04\/MarocChallenge-13-04-700x441.png 700w\" sizes=\"(max-width: 700px) 100vw, 700px\" \/><\/a><\/li><\/ul><\/div><div class=\"recent-posts-content\"><span class=\"vcard\" style=\"display: none;\"><span class=\"fn\"><a href=\"https:\/\/www.marocchallenge.com\/fr\/author\/ruibri1\/\" title=\"Articles par Rui Caba\u00e7o\" rel=\"author\">Rui Caba\u00e7o<\/a><\/span><\/span><span class=\"updated\" style=\"display:none;\">2026-04-13T07:55:47+00:00<\/span><h4 class=\"entry-title\"><a href=\"https:\/\/www.marocchallenge.com\/fr\/retour-a-dades-et-une-etape-en-boucle-a-zagora-nouveautes-de-la-winter-2026\/\">RETOUR \u00c0 DADES ET UNE \u00c9TAPE EN BOUCLE \u00c0 ZAGORA, NOUVEAUT\u00c9S DE LA WINTER 2026<\/a><\/h4><p class=\"meta\"><span class=\"vcard\" style=\"display: none;\"><span class=\"fn\"><a href=\"https:\/\/www.marocchallenge.com\/fr\/author\/ruibri1\/\" title=\"Articles par Rui Caba\u00e7o\" rel=\"author\">Rui Caba\u00e7o<\/a><\/span><\/span><span class=\"updated\" style=\"display:none;\">2026-04-13T07:55:47+00:00<\/span><span>13 avril 2026<\/span><span class=\"fusion-inline-sep\">|<\/span><\/p><p>Les inscriptions pour la Winter 2026 sont d\u00e9sormais ouvertes et nous souhaitons vous pr\u00e9senter les premiers d\u00e9tails d\u2019une \u00e9dition o\u00f9 le sable et les dunes seront \u00e0 nouveau les protagonistes. La 26e \u00e9dition du Maroc<\/p><\/div><\/article><article class=\"post fusion-column column col col-lg-4 col-md-4 col-sm-4\"><div class=\"fusion-flexslider fusion-flexslider-loading flexslider flexslider-hover-type-none\"><ul class=\"slides\"><li><a href=\"https:\/\/www.marocchallenge.com\/fr\/winter-2026-ouverture-des-inscriptions-le-13-avril\/\" aria-label=\"WINTER 2026 : OUVERTURE DES INSCRIPTIONS LE 13 AVRIL !\" class=\"hover-type-none\"><img decoding=\"async\" width=\"700\" height=\"441\" src=\"https:\/\/www.marocchallenge.com\/wp-content\/uploads\/2026\/04\/Apertura-Inscripciones-Maroc-Challenge-700x441.png\" class=\"attachment-recent-posts size-recent-posts\" alt=\"\" srcset=\"https:\/\/www.marocchallenge.com\/wp-content\/uploads\/2026\/04\/Apertura-Inscripciones-Maroc-Challenge-320x202.png 320w, https:\/\/www.marocchallenge.com\/wp-content\/uploads\/2026\/04\/Apertura-Inscripciones-Maroc-Challenge-700x441.png 700w\" sizes=\"(max-width: 700px) 100vw, 700px\" \/><\/a><\/li><\/ul><\/div><div class=\"recent-posts-content\"><span class=\"vcard\" style=\"display: none;\"><span class=\"fn\"><a href=\"https:\/\/www.marocchallenge.com\/fr\/author\/ruibri1\/\" title=\"Articles par Rui Caba\u00e7o\" rel=\"author\">Rui Caba\u00e7o<\/a><\/span><\/span><span class=\"updated\" style=\"display:none;\">2026-04-08T06:11:53+00:00<\/span><h4 class=\"entry-title\"><a href=\"https:\/\/www.marocchallenge.com\/fr\/winter-2026-ouverture-des-inscriptions-le-13-avril\/\">WINTER 2026 : OUVERTURE DES INSCRIPTIONS LE 13 AVRIL !<\/a><\/h4><p class=\"meta\"><span class=\"vcard\" style=\"display: none;\"><span class=\"fn\"><a href=\"https:\/\/www.marocchallenge.com\/fr\/author\/ruibri1\/\" title=\"Articles par Rui Caba\u00e7o\" rel=\"author\">Rui Caba\u00e7o<\/a><\/span><\/span><span class=\"updated\" style=\"display:none;\">2026-04-08T06:11:53+00:00<\/span><span>8 avril 2026<\/span><span class=\"fusion-inline-sep\">|<\/span><\/p><p>Les inscriptions pour la 26e \u00e9dition du Maroc Challenge ouvriront le 13 avril prochain et les d\u00e9tails de l\u2019\u00e9v\u00e9nement, qui se d\u00e9roulera du 4 au 12 d\u00e9cembre, seront d\u00e9voil\u00e9s prochainement. Acabamos de regresar de Marruecos<\/p><\/div><\/article><article class=\"post fusion-column column col col-lg-4 col-md-4 col-sm-4\"><div class=\"fusion-flexslider fusion-flexslider-loading flexslider flexslider-hover-type-none\"><ul class=\"slides\"><li><a href=\"https:\/\/www.marocchallenge.com\/fr\/dunes-et-boue-protagonistes\/\" aria-label=\"DUNES ET BOUE, PROTAGONISTES\" class=\"hover-type-none\"><img decoding=\"async\" width=\"700\" height=\"441\" src=\"https:\/\/www.marocchallenge.com\/wp-content\/uploads\/2026\/04\/MarocChallenge-06-04-700x441.png\" class=\"attachment-recent-posts size-recent-posts\" alt=\"\" srcset=\"https:\/\/www.marocchallenge.com\/wp-content\/uploads\/2026\/04\/MarocChallenge-06-04-320x202.png 320w, https:\/\/www.marocchallenge.com\/wp-content\/uploads\/2026\/04\/MarocChallenge-06-04-700x441.png 700w\" sizes=\"(max-width: 700px) 100vw, 700px\" \/><\/a><\/li><\/ul><\/div><div class=\"recent-posts-content\"><span class=\"vcard\" style=\"display: none;\"><span class=\"fn\"><a href=\"https:\/\/www.marocchallenge.com\/fr\/author\/ruibri1\/\" title=\"Articles par Rui Caba\u00e7o\" rel=\"author\">Rui Caba\u00e7o<\/a><\/span><\/span><span class=\"updated\" style=\"display:none;\">2026-04-06T09:25:14+00:00<\/span><h4 class=\"entry-title\"><a href=\"https:\/\/www.marocchallenge.com\/fr\/dunes-et-boue-protagonistes\/\">DUNES ET BOUE, PROTAGONISTES<\/a><\/h4><p class=\"meta\"><span class=\"vcard\" style=\"display: none;\"><span class=\"fn\"><a href=\"https:\/\/www.marocchallenge.com\/fr\/author\/ruibri1\/\" title=\"Articles par Rui Caba\u00e7o\" rel=\"author\">Rui Caba\u00e7o<\/a><\/span><\/span><span class=\"updated\" style=\"display:none;\">2026-04-06T09:25:14+00:00<\/span><span>6 avril 2026<\/span><span class=\"fusion-inline-sep\">|<\/span><\/p><p>La 25e \u00e9dition du Maroc Challenge, disput\u00e9e du 27 mars au 4 avril, avec un parcours marqu\u00e9 par une forte pr\u00e9sence de sable et de dunes, a comport\u00e9 six \u00e9tapes passionnantes, dures et intenses, \u00e0<\/p><\/div><\/article><article class=\"post fusion-column column col col-lg-4 col-md-4 col-sm-4\"><div class=\"fusion-flexslider fusion-flexslider-loading flexslider flexslider-hover-type-none\"><ul class=\"slides\"><li><a href=\"https:\/\/www.marocchallenge.com\/fr\/plus-de-sable-et-de-dunes-que-jamais-lors-du-maroc-challenge-spring-edition-2026\/\" aria-label=\"PLUS DE SABLE ET DE DUNES QUE JAMAIS LORS DU MAROC CHALLENGE SPRING EDITION 2026 !\" class=\"hover-type-none\"><img decoding=\"async\" width=\"700\" height=\"441\" src=\"https:\/\/www.marocchallenge.com\/wp-content\/uploads\/2026\/03\/MarocChallenge-20-03-700x441.png\" class=\"attachment-recent-posts size-recent-posts\" alt=\"\" srcset=\"https:\/\/www.marocchallenge.com\/wp-content\/uploads\/2026\/03\/MarocChallenge-20-03-320x202.png 320w, https:\/\/www.marocchallenge.com\/wp-content\/uploads\/2026\/03\/MarocChallenge-20-03-700x441.png 700w\" sizes=\"(max-width: 700px) 100vw, 700px\" \/><\/a><\/li><\/ul><\/div><div class=\"recent-posts-content\"><span class=\"vcard\" style=\"display: none;\"><span class=\"fn\"><a href=\"https:\/\/www.marocchallenge.com\/fr\/author\/ruibri1\/\" title=\"Articles par Rui Caba\u00e7o\" rel=\"author\">Rui Caba\u00e7o<\/a><\/span><\/span><span class=\"updated\" style=\"display:none;\">2026-03-20T06:49:25+00:00<\/span><h4 class=\"entry-title\"><a href=\"https:\/\/www.marocchallenge.com\/fr\/plus-de-sable-et-de-dunes-que-jamais-lors-du-maroc-challenge-spring-edition-2026\/\">PLUS DE SABLE ET DE DUNES QUE JAMAIS LORS DU MAROC CHALLENGE SPRING EDITION 2026 !<\/a><\/h4><p class=\"meta\"><span class=\"vcard\" style=\"display: none;\"><span class=\"fn\"><a href=\"https:\/\/www.marocchallenge.com\/fr\/author\/ruibri1\/\" title=\"Articles par Rui Caba\u00e7o\" rel=\"author\">Rui Caba\u00e7o<\/a><\/span><\/span><span class=\"updated\" style=\"display:none;\">2026-03-20T06:49:25+00:00<\/span><span>20 mars 2026<\/span><span class=\"fusion-inline-sep\">|<\/span><\/p><p>Le week-end prochain d\u00e9butera \u00e0 Erfoud la 25e \u00e9dition du Maroc Challenge, o\u00f9 auront lieu les v\u00e9rifications administratives et techniques. Avec plus de 170 v\u00e9hicules inscrits, l\u2019\u00e9preuve se compose de six \u00e9tapes exigeantes, du dimanche<\/p><\/div><\/article><article class=\"post fusion-column column col col-lg-4 col-md-4 col-sm-4\"><div class=\"fusion-flexslider fusion-flexslider-loading flexslider flexslider-hover-type-none\"><ul class=\"slides\"><li><a href=\"https:\/\/www.marocchallenge.com\/fr\/plus-de-sable-et-de-dunes-que-jamais\/\" aria-label=\"PLUS DE SABLE ET DE DUNES QUE JAMAIS !\" class=\"hover-type-none\"><img decoding=\"async\" width=\"700\" height=\"441\" src=\"https:\/\/www.marocchallenge.com\/wp-content\/uploads\/2026\/03\/MarocChallenge-05-03-Recuperado-700x441.png\" class=\"attachment-recent-posts size-recent-posts\" alt=\"\" srcset=\"https:\/\/www.marocchallenge.com\/wp-content\/uploads\/2026\/03\/MarocChallenge-05-03-Recuperado-320x202.png 320w, https:\/\/www.marocchallenge.com\/wp-content\/uploads\/2026\/03\/MarocChallenge-05-03-Recuperado-700x441.png 700w\" sizes=\"(max-width: 700px) 100vw, 700px\" \/><\/a><\/li><\/ul><\/div><div class=\"recent-posts-content\"><span class=\"vcard\" style=\"display: none;\"><span class=\"fn\"><a href=\"https:\/\/www.marocchallenge.com\/fr\/author\/ruibri1\/\" title=\"Articles par Rui Caba\u00e7o\" rel=\"author\">Rui Caba\u00e7o<\/a><\/span><\/span><span class=\"updated\" style=\"display:none;\">2026-03-05T14:27:47+00:00<\/span><h4 class=\"entry-title\"><a href=\"https:\/\/www.marocchallenge.com\/fr\/plus-de-sable-et-de-dunes-que-jamais\/\">PLUS DE SABLE ET DE DUNES QUE JAMAIS !<\/a><\/h4><p class=\"meta\"><span class=\"vcard\" style=\"display: none;\"><span class=\"fn\"><a href=\"https:\/\/www.marocchallenge.com\/fr\/author\/ruibri1\/\" title=\"Articles par Rui Caba\u00e7o\" rel=\"author\">Rui Caba\u00e7o<\/a><\/span><\/span><span class=\"updated\" style=\"display:none;\">2026-03-05T14:27:47+00:00<\/span><span>5 mars 2026<\/span><span class=\"fusion-inline-sep\">|<\/span><\/p><p>Nous avons termin\u00e9 les reconnaissances de la Spring 2026, qui se d\u00e9roulera du 27 mars au 4 avril, et nous sommes convaincus qu\u2019elle sera \u00e0 nouveau une \u00e9dition inoubliable. Une \u00e9quipe de l\u2019organisation s\u2019est rendue<\/p><\/div><\/article><article class=\"post fusion-column column col col-lg-4 col-md-4 col-sm-4\"><div class=\"fusion-flexslider fusion-flexslider-loading flexslider flexslider-hover-type-none\"><ul class=\"slides\"><li><a href=\"https:\/\/www.marocchallenge.com\/fr\/les-reconnaissances-commencent\/\" aria-label=\"LES RECONNAISSANCES COMMENCENT !\" class=\"hover-type-none\"><img decoding=\"async\" width=\"700\" height=\"441\" src=\"https:\/\/www.marocchallenge.com\/wp-content\/uploads\/2026\/02\/MarocChallenge-23-02-700x441.png\" class=\"attachment-recent-posts size-recent-posts\" alt=\"\" srcset=\"https:\/\/www.marocchallenge.com\/wp-content\/uploads\/2026\/02\/MarocChallenge-23-02-320x202.png 320w, https:\/\/www.marocchallenge.com\/wp-content\/uploads\/2026\/02\/MarocChallenge-23-02-700x441.png 700w\" sizes=\"(max-width: 700px) 100vw, 700px\" \/><\/a><\/li><\/ul><\/div><div class=\"recent-posts-content\"><span class=\"vcard\" style=\"display: none;\"><span class=\"fn\"><a href=\"https:\/\/www.marocchallenge.com\/fr\/author\/ruibri1\/\" title=\"Articles par Rui Caba\u00e7o\" rel=\"author\">Rui Caba\u00e7o<\/a><\/span><\/span><span class=\"updated\" style=\"display:none;\">2026-02-23T07:22:31+00:00<\/span><h4 class=\"entry-title\"><a href=\"https:\/\/www.marocchallenge.com\/fr\/les-reconnaissances-commencent\/\">LES RECONNAISSANCES COMMENCENT !<\/a><\/h4><p class=\"meta\"><span class=\"vcard\" style=\"display: none;\"><span class=\"fn\"><a href=\"https:\/\/www.marocchallenge.com\/fr\/author\/ruibri1\/\" title=\"Articles par Rui Caba\u00e7o\" rel=\"author\">Rui Caba\u00e7o<\/a><\/span><\/span><span class=\"updated\" style=\"display:none;\">2026-02-23T07:22:31+00:00<\/span><span>23 f\u00e9vrier 2026<\/span><span class=\"fusion-inline-sep\">|<\/span><\/p><p>La Maroc Challenge Spring 2026, qui se d\u00e9roulera du 27 mars au 4 avril, a officiellement lanc\u00e9 son compte \u00e0 rebours. Cette semaine, une \u00e9quipe de l\u2019organisation se rendra au Maroc afin d\u2019effectuer les reconnaissances<\/p><\/div><\/article><article class=\"post fusion-column column col col-lg-4 col-md-4 col-sm-4\"><div class=\"fusion-flexslider fusion-flexslider-loading flexslider flexslider-hover-type-none\"><ul class=\"slides\"><li><a href=\"https:\/\/www.marocchallenge.com\/fr\/du-sable-du-debut-a-la-fin-pour-la-spring-2026\/\" aria-label=\"DU SABLE DU D\u00c9BUT \u00c0 LA FIN POUR LA SPRING 2026 !\" class=\"hover-type-none\"><img decoding=\"async\" width=\"700\" height=\"441\" src=\"https:\/\/www.marocchallenge.com\/wp-content\/uploads\/2025\/12\/MarocChallenge-14-12-700x441.png\" class=\"attachment-recent-posts size-recent-posts\" alt=\"\" srcset=\"https:\/\/www.marocchallenge.com\/wp-content\/uploads\/2025\/12\/MarocChallenge-14-12-320x202.png 320w, https:\/\/www.marocchallenge.com\/wp-content\/uploads\/2025\/12\/MarocChallenge-14-12-700x441.png 700w\" sizes=\"(max-width: 700px) 100vw, 700px\" \/><\/a><\/li><\/ul><\/div><div class=\"recent-posts-content\"><span class=\"vcard\" style=\"display: none;\"><span class=\"fn\"><a href=\"https:\/\/www.marocchallenge.com\/fr\/author\/ruibri1\/\" title=\"Articles par Rui Caba\u00e7o\" rel=\"author\">Rui Caba\u00e7o<\/a><\/span><\/span><span class=\"updated\" style=\"display:none;\">2025-12-15T08:32:41+00:00<\/span><h4 class=\"entry-title\"><a href=\"https:\/\/www.marocchallenge.com\/fr\/du-sable-du-debut-a-la-fin-pour-la-spring-2026\/\">DU SABLE DU D\u00c9BUT \u00c0 LA FIN POUR LA SPRING 2026 !<\/a><\/h4><p class=\"meta\"><span class=\"vcard\" style=\"display: none;\"><span class=\"fn\"><a href=\"https:\/\/www.marocchallenge.com\/fr\/author\/ruibri1\/\" title=\"Articles par Rui Caba\u00e7o\" rel=\"author\">Rui Caba\u00e7o<\/a><\/span><\/span><span class=\"updated\" style=\"display:none;\">2025-12-15T08:32:41+00:00<\/span><span>15 d\u00e9cembre 2025<\/span><span class=\"fusion-inline-sep\">|<\/span><\/p><p>Les inscriptions pour la Spring 2026 sont d\u00e9sormais ouvertes et nous souhaitons d\u00e9voiler les premiers d\u00e9tails d\u2019une \u00e9dition o\u00f9 le sable et les dunes seront \u00e0 nouveau les grands protagonistes, dans la continuit\u00e9 de la<\/p><\/div><\/article><article class=\"post fusion-column column col col-lg-4 col-md-4 col-sm-4\"><div class=\"fusion-flexslider fusion-flexslider-loading flexslider flexslider-hover-type-none\"><ul class=\"slides\"><li><a href=\"https:\/\/www.marocchallenge.com\/fr\/spring-2026-ouverture-des-inscriptions-le-15-decembre\/\" aria-label=\"SPRING 2026 : OUVERTURE DES INSCRIPTIONS LE 15 D\u00c9CEMBRE !\" class=\"hover-type-none\"><img decoding=\"async\" width=\"700\" height=\"441\" src=\"https:\/\/www.marocchallenge.com\/wp-content\/uploads\/2025\/12\/MarocChallenge-11-12-700x441.png\" class=\"attachment-recent-posts size-recent-posts\" alt=\"\" srcset=\"https:\/\/www.marocchallenge.com\/wp-content\/uploads\/2025\/12\/MarocChallenge-11-12-320x202.png 320w, https:\/\/www.marocchallenge.com\/wp-content\/uploads\/2025\/12\/MarocChallenge-11-12-700x441.png 700w\" sizes=\"(max-width: 700px) 100vw, 700px\" \/><\/a><\/li><\/ul><\/div><div class=\"recent-posts-content\"><span class=\"vcard\" style=\"display: none;\"><span class=\"fn\"><a href=\"https:\/\/www.marocchallenge.com\/fr\/author\/ruibri1\/\" title=\"Articles par Rui Caba\u00e7o\" rel=\"author\">Rui Caba\u00e7o<\/a><\/span><\/span><span class=\"updated\" style=\"display:none;\">2025-12-11T06:32:06+00:00<\/span><h4 class=\"entry-title\"><a href=\"https:\/\/www.marocchallenge.com\/fr\/spring-2026-ouverture-des-inscriptions-le-15-decembre\/\">SPRING 2026 : OUVERTURE DES INSCRIPTIONS LE 15 D\u00c9CEMBRE !<\/a><\/h4><p class=\"meta\"><span class=\"vcard\" style=\"display: none;\"><span class=\"fn\"><a href=\"https:\/\/www.marocchallenge.com\/fr\/author\/ruibri1\/\" title=\"Articles par Rui Caba\u00e7o\" rel=\"author\">Rui Caba\u00e7o<\/a><\/span><\/span><span class=\"updated\" style=\"display:none;\">2025-12-11T06:32:06+00:00<\/span><span>11 d\u00e9cembre 2025<\/span><span class=\"fusion-inline-sep\">|<\/span><\/p><p>Les inscriptions pour la prochaine \u00e9dition du Maroc Challenge ouvriront le 15 d\u00e9cembre. Les premiers d\u00e9tails de la Spring 2026, qui se d\u00e9roulera du 27 mars au 4 avril, seront pr\u00e9sent\u00e9s dans les prochaines semaines.<\/p><\/div><\/article><article class=\"post fusion-column column col col-lg-4 col-md-4 col-sm-4\"><div class=\"fusion-flexslider fusion-flexslider-loading flexslider flexslider-hover-type-none\"><ul class=\"slides\"><li><a href=\"https:\/\/www.marocchallenge.com\/fr\/du-sable-et-des-dunes-pour-un-maroc-challenge-record\/\" aria-label=\"DU SABLE ET DES DUNES POUR UN MAROC CHALLENGE RECORD\" class=\"hover-type-none\"><img decoding=\"async\" width=\"700\" height=\"441\" src=\"https:\/\/www.marocchallenge.com\/wp-content\/uploads\/2025\/12\/Maroc-Challenge-09_12-700x441.png\" class=\"attachment-recent-posts size-recent-posts\" alt=\"\" srcset=\"https:\/\/www.marocchallenge.com\/wp-content\/uploads\/2025\/12\/Maroc-Challenge-09_12-320x202.png 320w, https:\/\/www.marocchallenge.com\/wp-content\/uploads\/2025\/12\/Maroc-Challenge-09_12-700x441.png 700w\" sizes=\"(max-width: 700px) 100vw, 700px\" \/><\/a><\/li><\/ul><\/div><div class=\"recent-posts-content\"><span class=\"vcard\" style=\"display: none;\"><span class=\"fn\"><a href=\"https:\/\/www.marocchallenge.com\/fr\/author\/ruibri1\/\" title=\"Articles par Rui Caba\u00e7o\" rel=\"author\">Rui Caba\u00e7o<\/a><\/span><\/span><span class=\"updated\" style=\"display:none;\">2025-12-09T08:41:32+00:00<\/span><h4 class=\"entry-title\"><a href=\"https:\/\/www.marocchallenge.com\/fr\/du-sable-et-des-dunes-pour-un-maroc-challenge-record\/\">DU SABLE ET DES DUNES POUR UN MAROC CHALLENGE RECORD<\/a><\/h4><p class=\"meta\"><span class=\"vcard\" style=\"display: none;\"><span class=\"fn\"><a href=\"https:\/\/www.marocchallenge.com\/fr\/author\/ruibri1\/\" title=\"Articles par Rui Caba\u00e7o\" rel=\"author\">Rui Caba\u00e7o<\/a><\/span><\/span><span class=\"updated\" style=\"display:none;\">2025-12-09T08:41:32+00:00<\/span><span>9 d\u00e9cembre 2025<\/span><span class=\"fusion-inline-sep\">|<\/span><\/p><p>La 24e \u00e9dition du Maroc Challenge, organis\u00e9e du 29 novembre au 5 d\u00e9cembre, avec un parcours renouvel\u00e9, beaucoup de sable et six \u00e9tapes riches en aventure, a pleinement r\u00e9pondu aux attentes. Les participants, b\u00e9n\u00e9ficiant d\u2019une<\/p><\/div><\/article><\/section><div class=\"fusion-infinite-scroll-trigger\"><\/div><div class=\"pagination infinite-scroll clearfix\" style=\"display:none;\"><span class=\"current\">1<\/span><a href=\"https:\/\/www.marocchallenge.com\/fr\/wp-json\/wp\/v2\/pages\/11463\/page\/2\/\" class=\"inactive\">2<\/a><a class=\"pagination-next\" rel=\"next\" href=\"https:\/\/www.marocchallenge.com\/fr\/wp-json\/wp\/v2\/pages\/11463\/page\/2\/\"><span class=\"page-text\">Next<\/span><span class=\"page-next\"><\/span><\/a><\/div><div class=\"fusion-clearfix\"><\/div><\/div><div class=\"fusion-clearfix\"><\/div><\/div><\/div><\/div><\/div>\n","protected":false},"excerpt":{"rendered":"","protected":false},"author":5,"featured_media":17218,"parent":0,"menu_order":0,"comment_status":"closed","ping_status":"closed","template":"100-width.php","meta":{"footnotes":""},"class_list":["post-11463","page","type-page","status-publish","has-post-thumbnail","hentry"],"yoast_head":"<!-- This site is optimized with the Yoast SEO plugin v27.4 - https:\/\/yoast.com\/product\/yoast-seo-wordpress\/ -->\n<title>Maroc Challenge - Nouvelles<\/title>\n<meta name=\"description\" content=\"Les derni\u00e8res Nouvelles\" \/>\n<meta name=\"robots\" content=\"index, follow, max-snippet:-1, max-image-preview:large, max-video-preview:-1\" \/>\n<link rel=\"canonical\" href=\"https:\/\/www.marocchallenge.com\/fr\/nouvelles\/\" \/>\n<meta property=\"og:locale\" content=\"fr_FR\" \/>\n<meta property=\"og:type\" content=\"article\" \/>\n<meta property=\"og:title\" content=\"Maroc Challenge - Nouvelles\" \/>\n<meta property=\"og:description\" content=\"Les derni\u00e8res Nouvelles\" \/>\n<meta property=\"og:url\" content=\"https:\/\/www.marocchallenge.com\/fr\/nouvelles\/\" \/>\n<meta property=\"og:site_name\" content=\"Maroc Challenge\" \/>\n<meta property=\"article:publisher\" content=\"https:\/\/www.facebook.com\/MarocChallenge\/\" \/>\n<meta property=\"article:modified_time\" content=\"2020-04-28T13:08:06+00:00\" \/>\n<meta property=\"og:image\" content=\"https:\/\/www.marocchallenge.com\/wp-content\/uploads\/2021\/09\/splash_screen-300x300_maroc.png\" \/>\n\t<meta property=\"og:image:width\" content=\"300\" \/>\n\t<meta property=\"og:image:height\" content=\"300\" \/>\n\t<meta property=\"og:image:type\" content=\"image\/png\" \/>\n<meta name=\"twitter:card\" content=\"summary_large_image\" \/>\n<meta name=\"twitter:site\" content=\"@marochallenge\" \/>\n<meta name=\"twitter:label1\" content=\"Dur\u00e9e de lecture estim\u00e9e\" \/>\n\t<meta name=\"twitter:data1\" content=\"4 minutes\" \/>\n<script type=\"application\/ld+json\" class=\"yoast-schema-graph\">{\"@context\":\"https:\\\/\\\/schema.org\",\"@graph\":[{\"@type\":\"WebPage\",\"@id\":\"https:\\\/\\\/www.marocchallenge.com\\\/fr\\\/nouvelles\\\/\",\"url\":\"https:\\\/\\\/www.marocchallenge.com\\\/fr\\\/nouvelles\\\/\",\"name\":\"Maroc Challenge - Nouvelles\",\"isPartOf\":{\"@id\":\"https:\\\/\\\/www.marocchallenge.com\\\/fr\\\/#website\"},\"primaryImageOfPage\":{\"@id\":\"https:\\\/\\\/www.marocchallenge.com\\\/fr\\\/nouvelles\\\/#primaryimage\"},\"image\":{\"@id\":\"https:\\\/\\\/www.marocchallenge.com\\\/fr\\\/nouvelles\\\/#primaryimage\"},\"thumbnailUrl\":\"https:\\\/\\\/www.marocchallenge.com\\\/wp-content\\\/uploads\\\/2021\\\/09\\\/splash_screen-300x300_maroc.png\",\"datePublished\":\"2020-03-02T20:56:08+00:00\",\"dateModified\":\"2020-04-28T13:08:06+00:00\",\"description\":\"Les derni\u00e8res Nouvelles\",\"breadcrumb\":{\"@id\":\"https:\\\/\\\/www.marocchallenge.com\\\/fr\\\/nouvelles\\\/#breadcrumb\"},\"inLanguage\":\"fr-FR\",\"potentialAction\":[{\"@type\":\"ReadAction\",\"target\":[\"https:\\\/\\\/www.marocchallenge.com\\\/fr\\\/nouvelles\\\/\"]}]},{\"@type\":\"ImageObject\",\"inLanguage\":\"fr-FR\",\"@id\":\"https:\\\/\\\/www.marocchallenge.com\\\/fr\\\/nouvelles\\\/#primaryimage\",\"url\":\"https:\\\/\\\/www.marocchallenge.com\\\/wp-content\\\/uploads\\\/2021\\\/09\\\/splash_screen-300x300_maroc.png\",\"contentUrl\":\"https:\\\/\\\/www.marocchallenge.com\\\/wp-content\\\/uploads\\\/2021\\\/09\\\/splash_screen-300x300_maroc.png\",\"width\":300,\"height\":300},{\"@type\":\"BreadcrumbList\",\"@id\":\"https:\\\/\\\/www.marocchallenge.com\\\/fr\\\/nouvelles\\\/#breadcrumb\",\"itemListElement\":[{\"@type\":\"ListItem\",\"position\":1,\"name\":\"Portada\",\"item\":\"https:\\\/\\\/www.marocchallenge.com\\\/fr\\\/\"},{\"@type\":\"ListItem\",\"position\":2,\"name\":\"Nouvelles\"}]},{\"@type\":\"WebSite\",\"@id\":\"https:\\\/\\\/www.marocchallenge.com\\\/fr\\\/#website\",\"url\":\"https:\\\/\\\/www.marocchallenge.com\\\/fr\\\/\",\"name\":\"Maroc Challenge\",\"description\":\"Le Dakar des ann\u00e9es 70 pour les aventuriers d\u2019aujourd\u2019hui\",\"publisher\":{\"@id\":\"https:\\\/\\\/www.marocchallenge.com\\\/fr\\\/#organization\"},\"potentialAction\":[{\"@type\":\"SearchAction\",\"target\":{\"@type\":\"EntryPoint\",\"urlTemplate\":\"https:\\\/\\\/www.marocchallenge.com\\\/fr\\\/?s={search_term_string}\"},\"query-input\":{\"@type\":\"PropertyValueSpecification\",\"valueRequired\":true,\"valueName\":\"search_term_string\"}}],\"inLanguage\":\"fr-FR\"},{\"@type\":\"Organization\",\"@id\":\"https:\\\/\\\/www.marocchallenge.com\\\/fr\\\/#organization\",\"name\":\"Maroc Challenge - El Dakar de los 70's para los aventureros de hoy\",\"url\":\"https:\\\/\\\/www.marocchallenge.com\\\/fr\\\/\",\"logo\":{\"@type\":\"ImageObject\",\"inLanguage\":\"fr-FR\",\"@id\":\"https:\\\/\\\/www.marocchallenge.com\\\/fr\\\/#\\\/schema\\\/logo\\\/image\\\/\",\"url\":\"https:\\\/\\\/www.marocchallenge.com\\\/wp-content\\\/uploads\\\/2020\\\/03\\\/Logo-Maroc_Challenge.png\",\"contentUrl\":\"https:\\\/\\\/www.marocchallenge.com\\\/wp-content\\\/uploads\\\/2020\\\/03\\\/Logo-Maroc_Challenge.png\",\"width\":170,\"height\":96,\"caption\":\"Maroc Challenge - El Dakar de los 70's para los aventureros de hoy\"},\"image\":{\"@id\":\"https:\\\/\\\/www.marocchallenge.com\\\/fr\\\/#\\\/schema\\\/logo\\\/image\\\/\"},\"sameAs\":[\"https:\\\/\\\/www.facebook.com\\\/MarocChallenge\\\/\",\"https:\\\/\\\/x.com\\\/marochallenge\",\"https:\\\/\\\/www.instagram.com\\\/marocchallenge\\\/\",\"https:\\\/\\\/www.linkedin.com\\\/company\\\/maroc-challenge\",\"https:\\\/\\\/www.youtube.com\\\/user\\\/MarocChallenge\"]}]}<\/script>\n<!-- \/ Yoast SEO plugin. -->","yoast_head_json":{"title":"Maroc Challenge - Nouvelles","description":"Les derni\u00e8res Nouvelles","robots":{"index":"index","follow":"follow","max-snippet":"max-snippet:-1","max-image-preview":"max-image-preview:large","max-video-preview":"max-video-preview:-1"},"canonical":"https:\/\/www.marocchallenge.com\/fr\/nouvelles\/","og_locale":"fr_FR","og_type":"article","og_title":"Maroc Challenge - Nouvelles","og_description":"Les derni\u00e8res Nouvelles","og_url":"https:\/\/www.marocchallenge.com\/fr\/nouvelles\/","og_site_name":"Maroc Challenge","article_publisher":"https:\/\/www.facebook.com\/MarocChallenge\/","article_modified_time":"2020-04-28T13:08:06+00:00","og_image":[{"width":300,"height":300,"url":"https:\/\/www.marocchallenge.com\/wp-content\/uploads\/2021\/09\/splash_screen-300x300_maroc.png","type":"image\/png"}],"twitter_card":"summary_large_image","twitter_site":"@marochallenge","twitter_misc":{"Dur\u00e9e de lecture estim\u00e9e":"4 minutes"},"schema":{"@context":"https:\/\/schema.org","@graph":[{"@type":"WebPage","@id":"https:\/\/www.marocchallenge.com\/fr\/nouvelles\/","url":"https:\/\/www.marocchallenge.com\/fr\/nouvelles\/","name":"Maroc Challenge - Nouvelles","isPartOf":{"@id":"https:\/\/www.marocchallenge.com\/fr\/#website"},"primaryImageOfPage":{"@id":"https:\/\/www.marocchallenge.com\/fr\/nouvelles\/#primaryimage"},"image":{"@id":"https:\/\/www.marocchallenge.com\/fr\/nouvelles\/#primaryimage"},"thumbnailUrl":"https:\/\/www.marocchallenge.com\/wp-content\/uploads\/2021\/09\/splash_screen-300x300_maroc.png","datePublished":"2020-03-02T20:56:08+00:00","dateModified":"2020-04-28T13:08:06+00:00","description":"Les derni\u00e8res Nouvelles","breadcrumb":{"@id":"https:\/\/www.marocchallenge.com\/fr\/nouvelles\/#breadcrumb"},"inLanguage":"fr-FR","potentialAction":[{"@type":"ReadAction","target":["https:\/\/www.marocchallenge.com\/fr\/nouvelles\/"]}]},{"@type":"ImageObject","inLanguage":"fr-FR","@id":"https:\/\/www.marocchallenge.com\/fr\/nouvelles\/#primaryimage","url":"https:\/\/www.marocchallenge.com\/wp-content\/uploads\/2021\/09\/splash_screen-300x300_maroc.png","contentUrl":"https:\/\/www.marocchallenge.com\/wp-content\/uploads\/2021\/09\/splash_screen-300x300_maroc.png","width":300,"height":300},{"@type":"BreadcrumbList","@id":"https:\/\/www.marocchallenge.com\/fr\/nouvelles\/#breadcrumb","itemListElement":[{"@type":"ListItem","position":1,"name":"Portada","item":"https:\/\/www.marocchallenge.com\/fr\/"},{"@type":"ListItem","position":2,"name":"Nouvelles"}]},{"@type":"WebSite","@id":"https:\/\/www.marocchallenge.com\/fr\/#website","url":"https:\/\/www.marocchallenge.com\/fr\/","name":"Maroc Challenge","description":"Le Dakar des ann\u00e9es 70 pour les aventuriers d\u2019aujourd\u2019hui","publisher":{"@id":"https:\/\/www.marocchallenge.com\/fr\/#organization"},"potentialAction":[{"@type":"SearchAction","target":{"@type":"EntryPoint","urlTemplate":"https:\/\/www.marocchallenge.com\/fr\/?s={search_term_string}"},"query-input":{"@type":"PropertyValueSpecification","valueRequired":true,"valueName":"search_term_string"}}],"inLanguage":"fr-FR"},{"@type":"Organization","@id":"https:\/\/www.marocchallenge.com\/fr\/#organization","name":"Maroc Challenge - El Dakar de los 70's para los aventureros de hoy","url":"https:\/\/www.marocchallenge.com\/fr\/","logo":{"@type":"ImageObject","inLanguage":"fr-FR","@id":"https:\/\/www.marocchallenge.com\/fr\/#\/schema\/logo\/image\/","url":"https:\/\/www.marocchallenge.com\/wp-content\/uploads\/2020\/03\/Logo-Maroc_Challenge.png","contentUrl":"https:\/\/www.marocchallenge.com\/wp-content\/uploads\/2020\/03\/Logo-Maroc_Challenge.png","width":170,"height":96,"caption":"Maroc Challenge - El Dakar de los 70's para los aventureros de hoy"},"image":{"@id":"https:\/\/www.marocchallenge.com\/fr\/#\/schema\/logo\/image\/"},"sameAs":["https:\/\/www.facebook.com\/MarocChallenge\/","https:\/\/x.com\/marochallenge","https:\/\/www.instagram.com\/marocchallenge\/","https:\/\/www.linkedin.com\/company\/maroc-challenge","https:\/\/www.youtube.com\/user\/MarocChallenge"]}]}},"_links":{"self":[{"href":"https:\/\/www.marocchallenge.com\/fr\/wp-json\/wp\/v2\/pages\/11463","targetHints":{"allow":["GET"]}}],"collection":[{"href":"https:\/\/www.marocchallenge.com\/fr\/wp-json\/wp\/v2\/pages"}],"about":[{"href":"https:\/\/www.marocchallenge.com\/fr\/wp-json\/wp\/v2\/types\/page"}],"author":[{"embeddable":true,"href":"https:\/\/www.marocchallenge.com\/fr\/wp-json\/wp\/v2\/users\/5"}],"replies":[{"embeddable":true,"href":"https:\/\/www.marocchallenge.com\/fr\/wp-json\/wp\/v2\/comments?post=11463"}],"version-history":[{"count":3,"href":"https:\/\/www.marocchallenge.com\/fr\/wp-json\/wp\/v2\/pages\/11463\/revisions"}],"predecessor-version":[{"id":12614,"href":"https:\/\/www.marocchallenge.com\/fr\/wp-json\/wp\/v2\/pages\/11463\/revisions\/12614"}],"wp:featuredmedia":[{"embeddable":true,"href":"https:\/\/www.marocchallenge.com\/fr\/wp-json\/wp\/v2\/media\/17218"}],"wp:attachment":[{"href":"https:\/\/www.marocchallenge.com\/fr\/wp-json\/wp\/v2\/media?parent=11463"}],"curies":[{"name":"wp","href":"https:\/\/api.w.org\/{rel}","templated":true}]}}